{"id":17,"date":"2021-12-13T16:28:54","date_gmt":"2021-12-13T16:28:54","guid":{"rendered":"http:\/\/institutochilenoyoga.cl\/icypy\/about\/"},"modified":"2024-02-26T12:18:22","modified_gmt":"2024-02-26T12:18:22","slug":"about","status":"publish","type":"page","link":"https:\/\/institutochilenoyoga.cl\/icypy\/about\/","title":{"rendered":"Con\u00f3cenos!"},"content":{"rendered":"\n\n\n<h2>Con\u00f3cenos<\/h2>\n\n\n\n\n<h4>Fabiola Cortes &#8211; Directora<\/h4>\n<h4>Mi Consigna es Ayudar a tener una mejor Calidad de Vida a trav\u00e9s de Yoga, en un Yoga Integrado, Un Yoga para Todos<\/h4>\n<p class=\"kvgmc6g5 cxmmr5t8 oygrvhab hcukyx3x c1et5uql ii04i59q\" style=\"white-space: pre-wrap; font-family: system-ui, -apple-system, &quot;system-ui&quot;, &quot;.SFNSText-Regular&quot;, sans-serif; color: rgb(5, 5, 5); font-size: 11.25px;\"><p dir=\"auto\" style=\"font-family: inherit;\">Mi primer acercamiento al Yoga fue a trav\u00e9s de una Psicologa que realizaba terapia Integral,  en un momento muy oscuro de mi vida.. oscuro en el sentido de falta de colores, 2 posturas y las l\u00e1grimas fluyeron desde el centro de mi alma, fue cuando me di cuenta que el Yoga Remueve, Mueve, Transforma, Libera,  Sana&#8230; pase por varios m\u00e9todos y estilos de Yoga, donde conoc\u00ed las grandes fortalezas y enfoques de cada uno.<\/p><p dir=\"auto\" style=\"font-family: inherit;\">En el a\u00f1o 2012 tome mi primera formaci\u00f3n como Instructora de Yoga PreNatal y comenc\u00e9 a dictar mis primeras clases de Yoga a un segmento de mujeres, en, para mi gusto, una de las etapas m\u00e1s bellas pero tambi\u00e9n m\u00e1s llenas de ansiedades,  miedos y molestias,  el embarazo, acompa\u00f1ando a muchas mujeres.<\/p><p dir=\"auto\" style=\"font-family: inherit;\">En 2016 decido tomar una formaci\u00f3n de Instructora de Yoga para dar clases para todo P\u00fablico. Luego llego a mi vida Mi hermoso Hijo, motivandome a tomar una nueva formaci\u00f3n en Yoga Pre Natal.<\/p><p dir=\"auto\" style=\"font-family: inherit;\">Luego del hermoso break de la Maternidad volv\u00ed con todo al Yoga. Soy Profesora de Danzas arabes desde 2006, y esta vuelta al Yoga me dejo felizmente dando la misma cantidad de horas de clases de Danza y de Yoga para Todos&#8230; ah\u00ed me di cuenta que esto del Yoga ven\u00eda demasiado serio y me motivaba a aprender demasiado. <\/p><p dir=\"auto\" style=\"font-family: inherit;\">Tome cursos y me Certifique en Yoga Post Natal, Yoga Hipopresivo,  Yoga y Lesiones y varios cursos m\u00e1s hasta que llego la Pandemia! Tuve que entregar mi Academia de Danzas y Yoga pero la pandemia me entreg\u00f3 de vueltas oportunidades de aprendizajes incre\u00edbles, as\u00ed me di el tiempo de estudiar Yoga Org\u00e1nico,  Yoga Adulto Mayor, Yoga terap\u00e9utico, Yoga para columna vertebral, Yoga con elementos, Yoga Flow, Yoga Nidra, Yoga Infantil y durante la Pandemia conoci a la Gran Maestra Daniela Pozzo de Yoga Urbano y por consecuencia a la Gran Maestra de Maestros Mataji Lakshmi Devi, desde Uruguay, con quien me Certifique de Profesora de Yoga y con quien me encuentro estudiando Para Yogacharini y Grand Master, empapandome de gran conocimiento del Yoga, estudiando distintos estilos del Yoga y descubriendo el Purna Vinyasa Yoga Integral que permite lograr el Yoga para Todos implementando las t\u00e9cnicas. La Maestra Mataji me impulsa a formar el Instituto Chileno de Yoga y Power Yoga ICYPY, d\u00e1ndome el respaldo de todas las federaciones y asociaciones a nivel nacional y mundial y asignadome el Yantra de mi Instituto.<\/p><p dir=\"auto\" style=\"font-family: inherit;\">Junto a ella y la Gran Maestra Camila Zappia, tambi\u00e9n  he obtenido los T\u00edtulos de Instructora en Yoga Adulto Mayor y Master en Yoga Facial y Yoga de las Emociones (Mukha Yoga).<\/p><p dir=\"auto\" style=\"font-family: inherit;\">Desde el 2021 el Instituto tiene respaldo para hacer formaci\u00f3n conjunta del grado de Profesor y el Instituto comienza a formar desde 2022 Monitores de Yoga Donde se hace un enfoque en Asana Yoga, y Monitor de Yoga Pre Natal.<\/p><p dir=\"auto\" style=\"font-family: inherit;\">Como tengo una tremenda ansiedad de conocimiento estoy cursando la especialidad de Yoga Terapeutico Hormonal, Miembro de Nexoyoga y Cursando Especializacion en escoliosis y Prevencion de lesiones en Fisiom Yoga, ya que dentro de las cosas que mas me apasiona es poder ayudar a otros a aliviar molestias y a tener la mejor calidad de vida posible a trav\u00e9s del Yoga, derrumbar muchos mitos err\u00f3neos y que la gente se d\u00e9 cuenta que el Yoga es efectivamente PARA TODOS<\/p><\/p>\n\n\n\n\n\nDirectora Instituto Chileno de Yoga y Power Yoga\nProfesora Federacion Internacional de Yoga, Reg. Internacional N\u00baCL0862021\n\n\nMiembro de la Asociacion Chilena de Profesores de Yoga\nEn Formaci\u00f3n de Yogacharia y Gran Master en Universidad Internacional de Yoga\n\n\nDiplomada en Especializacion en Biomec\u00e1nica del Yoga, en el Instituto de Biomecanica del Yoga\nInstructora Yoga Pre Natal (Preparum y Loknath Yoga)<div>Instructora Yoga Post Natal (Agni Yoga)<\/div>\nMaster en Yoga Terap\u00e9utico\n\n\nInstructora Yoga Flow y Yoga Nidra en Instituto Vida y Salud\nCertificada en Yoga y Lesiones Instituto Simram Kaur\n\n\nProfesora Yoga Adulto Mayor\nMaster Yoga Facial y Yoga de las Emociones\n\n\n\n\n\n\n\n\n\n\n\n<h6>Yianina Retamales<\/h6>\n<p>Profesora de la Federacion Internacional de Yoga y Monitora de Yoga PreNatal formada en Nuestro Instituto.<\/p>\n<p>Actualmente se est\u00e1 formando como&nbsp; Master en Yoga Terape\u00fatico y es Profesora de Nuestro Instituto en Yoga Pre Natal<\/p>\n\n\n\n\n\n\n\n\n\n\n<h6>Gabriela Barrientos<\/h6>\n<p>Profesora de la Federaci\u00f3n Internacional de Yoga, Instructora de Yoga Infantil e Instructora de Yoga Aereo.<\/p>\n\n\n\n\n\n\n\n\n<h4>Staff de ICYPY<\/h4>\n\n\n<p>Profesoras y Monitoras con parte de su formaci\u00f3n en Nuestro Instituto<\/p>\n\n\n\n\n<p>Directora &#8211; Formadora &#8211; Profesora<\/p>\n\n\n<p>Profesora Pre Natal<\/p>\n\n\n<p>Profesora Yoga Suave<\/p>\n\n\n<p>Instructora &#8211; SonoTerapia<\/p>\n\n\n\n\n","protected":false},"excerpt":{"rendered":"","protected":false},"author":0,"featured_media":0,"parent":0,"menu_order":0,"comment_status":"closed","ping_status":"closed","template":"","meta":{"footnotes":""},"class_list":["post-17","page","type-page","status-publish","hentry"],"_links":{"self":[{"href":"https:\/\/institutochilenoyoga.cl\/icypy\/wp-json\/wp\/v2\/pages\/17","targetHints":{"allow":["GET"]}}],"collection":[{"href":"https:\/\/institutochilenoyoga.cl\/icypy\/wp-json\/wp\/v2\/pages"}],"about":[{"href":"https:\/\/institutochilenoyoga.cl\/icypy\/wp-json\/wp\/v2\/types\/page"}],"replies":[{"embeddable":true,"href":"https:\/\/institutochilenoyoga.cl\/icypy\/wp-json\/wp\/v2\/comments?post=17"}],"version-history":[{"count":7,"href":"https:\/\/institutochilenoyoga.cl\/icypy\/wp-json\/wp\/v2\/pages\/17\/revisions"}],"predecessor-version":[{"id":288,"href":"https:\/\/institutochilenoyoga.cl\/icypy\/wp-json\/wp\/v2\/pages\/17\/revisions\/288"}],"wp:attachment":[{"href":"https:\/\/institutochilenoyoga.cl\/icypy\/wp-json\/wp\/v2\/media?parent=17"}],"curies":[{"name":"wp","href":"https:\/\/api.w.org\/{rel}","templated":true}]}}